{"id":160,"date":"2026-08-27T21:04:02","date_gmt":"2026-08-27T21:04:02","guid":{"rendered":"https:\/\/taxilamangacartagena.es\/?page_id=160"},"modified":"2026-08-27T22:03:28","modified_gmt":"2026-08-27T22:03:28","slug":"taxi-estacion-cartagena","status":"publish","type":"page","link":"https:\/\/taxilamangacartagena.es\/index.php\/taxi-estacion-cartagena\/","title":{"rendered":"Taxi Estaci\u00f3n de Cartagena"},"content":{"rendered":"\t\t<div data-elementor-type=\"wp-page\" data-elementor-id=\"160\" class=\"elementor elementor-160\">\n\t\t\t\t<div class=\"elementor-element elementor-element-fea9850 e-con e-atomic-element e-flexbox-base e-e59f42b \" data-id=\"fea9850\" data-element_type=\"e-flexbox\" data-e-type=\"e-flexbox\" data-interaction-id=\"fea9850\">\n    \t\t<div class=\"elementor-element elementor-element-f8646b2 elementor-widget elementor-widget-html\" data-id=\"f8646b2\" data-element_type=\"widget\" data-e-type=\"widget\" data-widget_type=\"html.default\">\n\t\t\t\t\t<link rel=\"preconnect\" href=\"https:\/\/fonts.googleapis.com\">\r\n<link rel=\"preconnect\" href=\"https:\/\/fonts.gstatic.com\" crossorigin>\r\n<link href=\"https:\/\/fonts.googleapis.com\/css2?family=Manrope:wght@400;500;600;700;800&display=swap\" rel=\"stylesheet\">\r\n\r\n<style>\r\n\r\n\/* =========================================================\r\n   EUROTAXI\r\n   TAXI ESTACI\u00d3N CARTAGENA\r\n   ========================================================= *\/\r\n\r\n.etxsta-page{\r\n    --green:#C6F43D;\r\n    --green-dark:#A9DB20;\r\n    --black:#0D100D;\r\n    --black-soft:#171C17;\r\n    --text:#505850;\r\n    --soft:#F5F7F2;\r\n    --border:#E1E6DD;\r\n    --white:#FFFFFF;\r\n\r\n    width:100%;\r\n    max-width:100%;\r\n    overflow:hidden;\r\n\r\n    background:#fff;\r\n    color:var(--black);\r\n\r\n    font-family:\"Manrope\",Arial,sans-serif;\r\n}\r\n\r\n.etxsta-page *,\r\n.etxsta-page *::before,\r\n.etxsta-page *::after{\r\n    box-sizing:border-box;\r\n}\r\n\r\n.etxsta-page img{\r\n    display:block;\r\n    max-width:100%;\r\n}\r\n\r\n.etxsta-page a{\r\n    text-decoration:none;\r\n}\r\n\r\n.etxsta-wrap{\r\n    width:min(1180px,calc(100% - 48px));\r\n    margin:0 auto;\r\n}\r\n\r\n.etxsta-section{\r\n    padding:105px 0;\r\n}\r\n\r\n.etxsta-eyebrow{\r\n    display:inline-flex;\r\n    align-items:center;\r\n    gap:9px;\r\n\r\n    margin-bottom:18px;\r\n\r\n    color:#739400;\r\n\r\n    font-size:12px;\r\n    font-weight:800;\r\n    letter-spacing:1.6px;\r\n    text-transform:uppercase;\r\n}\r\n\r\n.etxsta-eyebrow::before{\r\n    content:\"\";\r\n\r\n    width:27px;\r\n    height:3px;\r\n\r\n    border-radius:999px;\r\n\r\n    background:var(--green);\r\n}\r\n\r\n.etxsta-title{\r\n    margin:0;\r\n\r\n    font-size:clamp(37px,4.5vw,61px);\r\n    line-height:1.04;\r\n\r\n    font-weight:800;\r\n    letter-spacing:-2.4px;\r\n}\r\n\r\n.etxsta-text{\r\n    margin:22px 0 0;\r\n\r\n    color:var(--text);\r\n\r\n    font-size:16px;\r\n    line-height:1.76;\r\n}\r\n\r\n\r\n\/* =========================================================\r\n   BOTONES\r\n   ========================================================= *\/\r\n\r\n.etxsta-btns{\r\n    display:flex;\r\n    flex-wrap:wrap;\r\n    gap:12px;\r\n\r\n    margin-top:32px;\r\n}\r\n\r\n.etxsta-btn{\r\n    min-height:54px;\r\n\r\n    display:inline-flex;\r\n    align-items:center;\r\n    justify-content:center;\r\n    gap:8px;\r\n\r\n    padding:0 24px;\r\n\r\n    border-radius:12px;\r\n\r\n    font-size:13px;\r\n    font-weight:800;\r\n\r\n    transition:\r\n        transform .25s ease,\r\n        background .25s ease,\r\n        border-color .25s ease,\r\n        color .25s ease;\r\n}\r\n\r\n.etxsta-btn:hover{\r\n    transform:translateY(-2px);\r\n}\r\n\r\n.etxsta-btn-green{\r\n    background:var(--green);\r\n    border:1px solid var(--green);\r\n\r\n    color:#111 !important;\r\n}\r\n\r\n.etxsta-btn-green:hover,\r\n.etxsta-btn-green:focus{\r\n    background:var(--green-dark);\r\n    border-color:var(--green-dark);\r\n\r\n    color:#fff !important;\r\n}\r\n\r\n.etxsta-btn-dark{\r\n    background:var(--black);\r\n    border:1px solid var(--black);\r\n\r\n    color:#fff !important;\r\n}\r\n\r\n.etxsta-btn-dark:hover,\r\n.etxsta-btn-dark:focus{\r\n    background:var(--green);\r\n    border-color:var(--green);\r\n\r\n    color:#111 !important;\r\n}\r\n\r\n.etxsta-btn-light{\r\n    background:rgba(255,255,255,.08);\r\n    border:1px solid rgba(255,255,255,.48);\r\n\r\n    color:#fff !important;\r\n}\r\n\r\n.etxsta-btn-light:hover,\r\n.etxsta-btn-light:focus{\r\n    background:rgba(255,255,255,.17);\r\n    border-color:#fff;\r\n\r\n    color:#fff !important;\r\n}\r\n\r\n\r\n\/* =========================================================\r\n   HERO\r\n   ========================================================= *\/\r\n\r\n.etxsta-hero{\r\n    position:relative;\r\n\r\n    min-height:720px;\r\n\r\n    display:flex;\r\n    align-items:center;\r\n\r\n    isolation:isolate;\r\n\r\n    background:#111;\r\n}\r\n\r\n.etxsta-hero-bg{\r\n    position:absolute;\r\n    inset:0;\r\n\r\n    z-index:-3;\r\n}\r\n\r\n.etxsta-hero-bg img{\r\n    width:100%;\r\n    height:100%;\r\n\r\n    object-fit:cover;\r\n    object-position:center;\r\n}\r\n\r\n.etxsta-hero::before{\r\n    content:\"\";\r\n\r\n    position:absolute;\r\n    inset:0;\r\n\r\n    z-index:-2;\r\n\r\n    background:\r\n        linear-gradient(\r\n            90deg,\r\n            rgba(5,7,5,.96) 0%,\r\n            rgba(5,7,5,.84) 42%,\r\n            rgba(5,7,5,.43) 70%,\r\n            rgba(5,7,5,.14) 100%\r\n        );\r\n}\r\n\r\n.etxsta-hero-content{\r\n    max-width:820px;\r\n\r\n    padding:105px 0;\r\n}\r\n\r\n.etxsta-label{\r\n    display:inline-flex;\r\n    align-items:center;\r\n    gap:9px;\r\n\r\n    margin-bottom:24px;\r\n\r\n    padding:9px 14px;\r\n\r\n    border:1px solid rgba(255,255,255,.22);\r\n    border-radius:999px;\r\n\r\n    background:rgba(0,0,0,.28);\r\n\r\n    color:#fff;\r\n\r\n    font-size:11px;\r\n    font-weight:800;\r\n    letter-spacing:1.45px;\r\n    text-transform:uppercase;\r\n}\r\n\r\n.etxsta-label::before{\r\n    content:\"\";\r\n\r\n    width:8px;\r\n    height:8px;\r\n\r\n    border-radius:50%;\r\n\r\n    background:var(--green);\r\n\r\n    box-shadow:\r\n        0 0 0 5px\r\n        rgba(198,244,61,.14);\r\n}\r\n\r\n.etxsta-hero h1{\r\n    max-width:850px;\r\n\r\n    margin:0;\r\n\r\n    color:#fff;\r\n\r\n    font-size:clamp(49px,6vw,80px);\r\n    line-height:.99;\r\n\r\n    font-weight:800;\r\n    letter-spacing:-3.8px;\r\n}\r\n\r\n.etxsta-hero h1 strong{\r\n    color:var(--green);\r\n}\r\n\r\n.etxsta-hero-text{\r\n    max-width:700px;\r\n\r\n    margin:25px 0 0;\r\n\r\n    color:rgba(255,255,255,.82);\r\n\r\n    font-size:17px;\r\n    line-height:1.72;\r\n}\r\n\r\n.etxsta-points{\r\n    display:flex;\r\n    flex-wrap:wrap;\r\n    gap:14px 24px;\r\n\r\n    margin-top:35px;\r\n}\r\n\r\n.etxsta-point{\r\n    display:flex;\r\n    align-items:center;\r\n    gap:8px;\r\n\r\n    color:#fff;\r\n\r\n    font-size:12px;\r\n    font-weight:700;\r\n}\r\n\r\n.etxsta-point span{\r\n    width:22px;\r\n    height:22px;\r\n\r\n    flex:0 0 22px;\r\n\r\n    display:flex;\r\n    align-items:center;\r\n    justify-content:center;\r\n\r\n    border-radius:50%;\r\n\r\n    background:var(--green);\r\n\r\n    color:#111;\r\n\r\n    font-size:11px;\r\n}\r\n\r\n\r\n\/* =========================================================\r\n   INTRO\r\n   ========================================================= *\/\r\n\r\n.etxsta-intro{\r\n    background:#fff;\r\n}\r\n\r\n.etxsta-intro-grid{\r\n    display:grid;\r\n    grid-template-columns:.95fr 1.05fr;\r\n\r\n    gap:82px;\r\n\r\n    align-items:center;\r\n}\r\n\r\n.etxsta-intro-photo{\r\n    position:relative;\r\n}\r\n\r\n.etxsta-intro-photo > img{\r\n    width:100%;\r\n    height:620px;\r\n\r\n    object-fit:cover;\r\n\r\n    border-radius:25px;\r\n}\r\n\r\n.etxsta-floating{\r\n    position:absolute;\r\n\r\n    right:-24px;\r\n    bottom:28px;\r\n\r\n    width:225px;\r\n\r\n    padding:22px;\r\n\r\n    border-radius:18px;\r\n\r\n    background:var(--green);\r\n\r\n    box-shadow:0 18px 48px rgba(0,0,0,.14);\r\n}\r\n\r\n.etxsta-floating strong{\r\n    display:block;\r\n\r\n    font-size:17px;\r\n    line-height:1.25;\r\n}\r\n\r\n.etxsta-floating span{\r\n    display:block;\r\n\r\n    margin-top:7px;\r\n\r\n    color:rgba(17,17,17,.64);\r\n\r\n    font-size:11px;\r\n    line-height:1.5;\r\n}\r\n\r\n\r\n\/* =========================================================\r\n   PASOS\r\n   ========================================================= *\/\r\n\r\n.etxsta-steps{\r\n    display:grid;\r\n    gap:14px;\r\n\r\n    margin-top:30px;\r\n}\r\n\r\n.etxsta-step{\r\n    display:flex;\r\n    align-items:flex-start;\r\n    gap:13px;\r\n\r\n    padding-bottom:15px;\r\n\r\n    border-bottom:1px solid var(--border);\r\n}\r\n\r\n.etxsta-step:last-child{\r\n    border-bottom:0;\r\n}\r\n\r\n.etxsta-step-num{\r\n    width:30px;\r\n    height:30px;\r\n\r\n    flex:0 0 30px;\r\n\r\n    display:flex;\r\n    align-items:center;\r\n    justify-content:center;\r\n\r\n    border-radius:9px;\r\n\r\n    background:var(--green);\r\n\r\n    color:#111;\r\n\r\n    font-size:11px;\r\n    font-weight:900;\r\n}\r\n\r\n.etxsta-step strong{\r\n    display:block;\r\n\r\n    margin-top:2px;\r\n\r\n    font-size:14px;\r\n}\r\n\r\n.etxsta-step p{\r\n    margin:4px 0 0;\r\n\r\n    color:#687168;\r\n\r\n    font-size:12px;\r\n    line-height:1.55;\r\n}\r\n\r\n\r\n\/* =========================================================\r\n   DESTINOS\r\n   ========================================================= *\/\r\n\r\n.etxsta-destinations{\r\n    background:var(--soft);\r\n}\r\n\r\n.etxsta-destinations-head{\r\n    max-width:760px;\r\n\r\n    margin-bottom:50px;\r\n}\r\n\r\n.etxsta-destination-grid{\r\n    display:grid;\r\n    grid-template-columns:repeat(2,1fr);\r\n\r\n    gap:20px;\r\n}\r\n\r\n.etxsta-destination{\r\n    position:relative;\r\n\r\n    min-height:430px;\r\n\r\n    overflow:hidden;\r\n\r\n    border-radius:22px;\r\n\r\n    isolation:isolate;\r\n\r\n    background:#111;\r\n}\r\n\r\n.etxsta-destination > img{\r\n    position:absolute;\r\n    inset:0;\r\n\r\n    width:100%;\r\n    height:100%;\r\n\r\n    object-fit:cover;\r\n\r\n    z-index:-3;\r\n\r\n    transition:transform .55s ease;\r\n}\r\n\r\n.etxsta-destination::before{\r\n    content:\"\";\r\n\r\n    position:absolute;\r\n    inset:0;\r\n\r\n    z-index:-2;\r\n\r\n    background:\r\n        linear-gradient(\r\n            to top,\r\n            rgba(5,7,5,.96),\r\n            rgba(5,7,5,.49) 50%,\r\n            rgba(5,7,5,.07)\r\n        );\r\n}\r\n\r\n.etxsta-destination:hover > img{\r\n    transform:scale(1.045);\r\n}\r\n\r\n.etxsta-destination-content{\r\n    position:absolute;\r\n\r\n    left:0;\r\n    right:0;\r\n    bottom:0;\r\n\r\n    padding:30px;\r\n\r\n    color:#fff;\r\n}\r\n\r\n.etxsta-destination-icon{\r\n    width:40px;\r\n    height:40px;\r\n\r\n    display:flex;\r\n    align-items:center;\r\n    justify-content:center;\r\n\r\n    margin-bottom:17px;\r\n\r\n    border-radius:11px;\r\n\r\n    background:var(--green);\r\n\r\n    color:#111;\r\n\r\n    font-size:17px;\r\n}\r\n\r\n.etxsta-destination h3{\r\n    margin:0;\r\n\r\n    color:#fff;\r\n\r\n    font-size:25px;\r\n}\r\n\r\n.etxsta-destination p{\r\n    max-width:500px;\r\n\r\n    margin:10px 0 0;\r\n\r\n    color:rgba(255,255,255,.76);\r\n\r\n    font-size:13px;\r\n    line-height:1.65;\r\n}\r\n\r\n.etxsta-destination-link{\r\n    display:inline-flex;\r\n    align-items:center;\r\n\r\n    margin-top:18px;\r\n\r\n    color:var(--green) !important;\r\n\r\n    font-size:12px;\r\n    font-weight:800;\r\n}\r\n\r\n.etxsta-destination-link:hover,\r\n.etxsta-destination-link:focus{\r\n    color:#fff !important;\r\n}\r\n\r\n\r\n\/* =========================================================\r\n   LLEGADA\r\n   ========================================================= *\/\r\n\r\n.etxsta-arrival{\r\n    background:var(--black);\r\n\r\n    color:#fff;\r\n}\r\n\r\n.etxsta-arrival-grid{\r\n    display:grid;\r\n    grid-template-columns:.9fr 1.1fr;\r\n\r\n    gap:80px;\r\n\r\n    align-items:center;\r\n}\r\n\r\n.etxsta-arrival .etxsta-eyebrow{\r\n    color:var(--green);\r\n}\r\n\r\n.etxsta-arrival .etxsta-title{\r\n    color:#fff;\r\n}\r\n\r\n.etxsta-arrival .etxsta-text{\r\n    color:rgba(255,255,255,.72);\r\n}\r\n\r\n.etxsta-arrival-images{\r\n    display:grid;\r\n    grid-template-columns:1.08fr .92fr;\r\n\r\n    gap:14px;\r\n}\r\n\r\n.etxsta-arrival-images img{\r\n    width:100%;\r\n\r\n    object-fit:cover;\r\n\r\n    border-radius:18px;\r\n}\r\n\r\n.etxsta-arrival-images img:first-child{\r\n    height:540px;\r\n}\r\n\r\n.etxsta-arrival-images img:last-child{\r\n    height:390px;\r\n\r\n    margin-top:72px;\r\n}\r\n\r\n.etxsta-arrival a:hover,\r\n.etxsta-arrival a:focus{\r\n    color:#fff !important;\r\n}\r\n\r\n\r\n\/* =========================================================\r\n   EQUIPAJE \/ GRUPOS\r\n   ========================================================= *\/\r\n\r\n.etxsta-luggage{\r\n    background:#fff;\r\n}\r\n\r\n.etxsta-luggage-grid{\r\n    display:grid;\r\n    grid-template-columns:1.05fr .95fr;\r\n\r\n    gap:78px;\r\n\r\n    align-items:center;\r\n}\r\n\r\n.etxsta-luggage-photo img{\r\n    width:100%;\r\n    height:590px;\r\n\r\n    object-fit:cover;\r\n\r\n    border-radius:24px;\r\n}\r\n\r\n.etxsta-tags{\r\n    display:flex;\r\n    flex-wrap:wrap;\r\n    gap:9px;\r\n\r\n    margin-top:28px;\r\n}\r\n\r\n.etxsta-tag{\r\n    padding:9px 13px;\r\n\r\n    border:1px solid var(--border);\r\n    border-radius:999px;\r\n\r\n    background:#fff;\r\n\r\n    color:#343A34;\r\n\r\n    font-size:11px;\r\n    font-weight:700;\r\n}\r\n\r\n\r\n\/* =========================================================\r\n   COSTA\r\n   ========================================================= *\/\r\n\r\n.etxsta-coast{\r\n    background:var(--soft);\r\n}\r\n\r\n.etxsta-coast-grid{\r\n    display:grid;\r\n    grid-template-columns:.9fr 1.1fr;\r\n\r\n    gap:78px;\r\n\r\n    align-items:center;\r\n}\r\n\r\n.etxsta-coast-photo img{\r\n    width:100%;\r\n    height:575px;\r\n\r\n    object-fit:cover;\r\n\r\n    border-radius:24px;\r\n}\r\n\r\n\r\n\/* =========================================================\r\n   AEROPUERTO\r\n   ========================================================= *\/\r\n\r\n.etxsta-airport{\r\n    position:relative;\r\n\r\n    min-height:620px;\r\n\r\n    display:flex;\r\n    align-items:center;\r\n\r\n    isolation:isolate;\r\n\r\n    background:#111;\r\n}\r\n\r\n.etxsta-airport-bg{\r\n    position:absolute;\r\n    inset:0;\r\n\r\n    z-index:-3;\r\n}\r\n\r\n.etxsta-airport-bg img{\r\n    width:100%;\r\n    height:100%;\r\n\r\n    object-fit:cover;\r\n}\r\n\r\n.etxsta-airport::before{\r\n    content:\"\";\r\n\r\n    position:absolute;\r\n    inset:0;\r\n\r\n    z-index:-2;\r\n\r\n    background:\r\n        linear-gradient(\r\n            90deg,\r\n            rgba(5,7,5,.95),\r\n            rgba(5,7,5,.80) 50%,\r\n            rgba(5,7,5,.26)\r\n        );\r\n}\r\n\r\n.etxsta-airport-content{\r\n    max-width:700px;\r\n\r\n    padding:95px 0;\r\n}\r\n\r\n.etxsta-airport .etxsta-eyebrow{\r\n    color:var(--green);\r\n}\r\n\r\n.etxsta-airport .etxsta-title{\r\n    color:#fff;\r\n}\r\n\r\n.etxsta-airport .etxsta-text{\r\n    color:rgba(255,255,255,.75);\r\n}\r\n\r\n.etxsta-airport a:hover,\r\n.etxsta-airport a:focus{\r\n    color:#fff !important;\r\n}\r\n\r\n\r\n\/* =========================================================\r\n   SEO\r\n   ========================================================= *\/\r\n\r\n.etxsta-seo{\r\n    padding:80px 0;\r\n\r\n    background:#fff;\r\n}\r\n\r\n.etxsta-seo-inner{\r\n    max-width:920px;\r\n\r\n    margin:0 auto;\r\n}\r\n\r\n.etxsta-seo h2{\r\n    margin:0;\r\n\r\n    font-size:clamp(30px,3.6vw,47px);\r\n    line-height:1.08;\r\n\r\n    letter-spacing:-1.7px;\r\n}\r\n\r\n.etxsta-seo p{\r\n    margin:20px 0 0;\r\n\r\n    color:var(--text);\r\n\r\n    font-size:15px;\r\n    line-height:1.82;\r\n}\r\n\r\n\r\n\/* =========================================================\r\n   ENLAZADO INTERNO\r\n   SIEMPRE \/index.php\/\r\n   ========================================================= *\/\r\n\r\n.etxsta-related{\r\n    display:flex;\r\n    flex-wrap:wrap;\r\n\r\n    gap:10px;\r\n\r\n    margin-top:30px;\r\n}\r\n\r\n.etxsta-related a{\r\n    min-height:43px;\r\n\r\n    display:inline-flex;\r\n    align-items:center;\r\n\r\n    padding:10px 15px;\r\n\r\n    border:1px solid var(--border);\r\n    border-radius:10px;\r\n\r\n    background:var(--soft);\r\n\r\n    color:#111 !important;\r\n\r\n    font-size:12px;\r\n    font-weight:800;\r\n}\r\n\r\n.etxsta-related a:hover,\r\n.etxsta-related a:focus{\r\n    background:var(--green);\r\n    border-color:var(--green);\r\n\r\n    color:#111 !important;\r\n}\r\n\r\n\r\n\/* =========================================================\r\n   FAQ\r\n   ========================================================= *\/\r\n\r\n.etxsta-faq{\r\n    background:var(--soft);\r\n}\r\n\r\n.etxsta-faq-grid{\r\n    display:grid;\r\n    grid-template-columns:.75fr 1.25fr;\r\n\r\n    gap:75px;\r\n}\r\n\r\n.etxsta-faq-list{\r\n    border-top:1px solid var(--border);\r\n}\r\n\r\n.etxsta-faq-item{\r\n    border-bottom:1px solid var(--border);\r\n}\r\n\r\n.etxsta-faq-question{\r\n    width:100%;\r\n\r\n    display:flex;\r\n    align-items:center;\r\n    justify-content:space-between;\r\n\r\n    gap:20px;\r\n\r\n    padding:22px 0;\r\n\r\n    border:0;\r\n\r\n    background:transparent;\r\n\r\n    color:#111;\r\n\r\n    text-align:left;\r\n\r\n    font-family:inherit;\r\n\r\n    font-size:15px;\r\n    font-weight:800;\r\n\r\n    cursor:pointer;\r\n}\r\n\r\n.etxsta-faq-plus{\r\n    width:29px;\r\n    height:29px;\r\n\r\n    flex:0 0 29px;\r\n\r\n    display:flex;\r\n    align-items:center;\r\n    justify-content:center;\r\n\r\n    border-radius:50%;\r\n\r\n    background:#fff;\r\n\r\n    font-size:18px;\r\n\r\n    transition:\r\n        transform .25s ease,\r\n        background .25s ease;\r\n}\r\n\r\n.etxsta-faq-answer{\r\n    display:none;\r\n\r\n    padding:0 35px 22px 0;\r\n\r\n    color:var(--text);\r\n\r\n    font-size:13px;\r\n    line-height:1.72;\r\n}\r\n\r\n.etxsta-faq-item.active .etxsta-faq-answer{\r\n    display:block;\r\n}\r\n\r\n.etxsta-faq-item.active .etxsta-faq-plus{\r\n    transform:rotate(45deg);\r\n\r\n    background:var(--green);\r\n}\r\n\r\n\r\n\/* =========================================================\r\n   CTA FINAL\r\n   ========================================================= *\/\r\n\r\n.etxsta-cta{\r\n    position:relative;\r\n\r\n    min-height:610px;\r\n\r\n    display:flex;\r\n    align-items:center;\r\n\r\n    isolation:isolate;\r\n\r\n    background:#111;\r\n}\r\n\r\n.etxsta-cta-bg{\r\n    position:absolute;\r\n    inset:0;\r\n\r\n    z-index:-3;\r\n}\r\n\r\n.etxsta-cta-bg img{\r\n    width:100%;\r\n    height:100%;\r\n\r\n    object-fit:cover;\r\n}\r\n\r\n.etxsta-cta::before{\r\n    content:\"\";\r\n\r\n    position:absolute;\r\n    inset:0;\r\n\r\n    z-index:-2;\r\n\r\n    background:\r\n        linear-gradient(\r\n            90deg,\r\n            rgba(5,7,5,.95),\r\n            rgba(5,7,5,.80) 50%,\r\n            rgba(5,7,5,.27)\r\n        );\r\n}\r\n\r\n.etxsta-cta-content{\r\n    max-width:710px;\r\n\r\n    padding:90px 0;\r\n}\r\n\r\n.etxsta-cta-label{\r\n    margin-bottom:18px;\r\n\r\n    color:var(--green);\r\n\r\n    font-size:12px;\r\n    font-weight:800;\r\n    letter-spacing:1.5px;\r\n    text-transform:uppercase;\r\n}\r\n\r\n.etxsta-cta h2{\r\n    margin:0;\r\n\r\n    color:#fff;\r\n\r\n    font-size:clamp(43px,5vw,69px);\r\n    line-height:1;\r\n\r\n    font-weight:800;\r\n    letter-spacing:-3px;\r\n}\r\n\r\n.etxsta-cta p{\r\n    max-width:610px;\r\n\r\n    margin:23px 0 0;\r\n\r\n    color:rgba(255,255,255,.76);\r\n\r\n    font-size:16px;\r\n    line-height:1.72;\r\n}\r\n\r\n.etxsta-cta a:hover,\r\n.etxsta-cta a:focus{\r\n    color:#fff !important;\r\n}\r\n\r\n\r\n\/* =========================================================\r\n   RESPONSIVE\r\n   ========================================================= *\/\r\n\r\n@media(max-width:1024px){\r\n\r\n    .etxsta-intro-grid,\r\n    .etxsta-arrival-grid,\r\n    .etxsta-luggage-grid,\r\n    .etxsta-coast-grid{\r\n        gap:45px;\r\n    }\r\n\r\n}\r\n\r\n\r\n@media(max-width:767px){\r\n\r\n    .etxsta-wrap{\r\n        width:calc(100% - 32px);\r\n    }\r\n\r\n    .etxsta-section{\r\n        padding:68px 0;\r\n    }\r\n\r\n    .etxsta-title{\r\n        font-size:38px;\r\n        letter-spacing:-1.5px;\r\n    }\r\n\r\n    .etxsta-text{\r\n        font-size:15px;\r\n    }\r\n\r\n\r\n    \/* HERO *\/\r\n\r\n    .etxsta-hero{\r\n        min-height:710px;\r\n    }\r\n\r\n    .etxsta-hero::before{\r\n        background:\r\n            linear-gradient(\r\n                to bottom,\r\n                rgba(5,7,5,.54),\r\n                rgba(5,7,5,.91)\r\n            );\r\n    }\r\n\r\n    .etxsta-hero-bg img{\r\n        object-position:58% center;\r\n    }\r\n\r\n    .etxsta-hero-content{\r\n        padding:80px 0 65px;\r\n    }\r\n\r\n    .etxsta-hero h1{\r\n        font-size:45px;\r\n        letter-spacing:-2.1px;\r\n    }\r\n\r\n    .etxsta-hero-text{\r\n        font-size:15px;\r\n    }\r\n\r\n    .etxsta-btns{\r\n        display:grid;\r\n        grid-template-columns:1fr;\r\n    }\r\n\r\n    .etxsta-btn{\r\n        width:100%;\r\n    }\r\n\r\n\r\n    \/* INTRO *\/\r\n\r\n    .etxsta-intro-grid{\r\n        grid-template-columns:1fr;\r\n\r\n        gap:45px;\r\n    }\r\n\r\n    .etxsta-intro-photo > img{\r\n        height:470px;\r\n    }\r\n\r\n    .etxsta-floating{\r\n        right:12px;\r\n        bottom:12px;\r\n\r\n        width:190px;\r\n    }\r\n\r\n\r\n    \/* DESTINOS *\/\r\n\r\n    .etxsta-destination-grid{\r\n        grid-template-columns:1fr;\r\n    }\r\n\r\n    .etxsta-destination{\r\n        min-height:400px;\r\n    }\r\n\r\n\r\n    \/* LLEGADA *\/\r\n\r\n    .etxsta-arrival-grid{\r\n        grid-template-columns:1fr;\r\n\r\n        gap:43px;\r\n    }\r\n\r\n    .etxsta-arrival-images{\r\n        order:2;\r\n\r\n        gap:9px;\r\n    }\r\n\r\n    .etxsta-arrival-images img:first-child{\r\n        height:385px;\r\n    }\r\n\r\n    .etxsta-arrival-images img:last-child{\r\n        height:290px;\r\n\r\n        margin-top:38px;\r\n    }\r\n\r\n\r\n    \/* EQUIPAJE *\/\r\n\r\n    .etxsta-luggage-grid{\r\n        grid-template-columns:1fr;\r\n\r\n        gap:40px;\r\n    }\r\n\r\n    .etxsta-luggage-photo{\r\n        order:2;\r\n    }\r\n\r\n    .etxsta-luggage-photo img{\r\n        height:430px;\r\n    }\r\n\r\n\r\n    \/* COSTA *\/\r\n\r\n    .etxsta-coast-grid{\r\n        grid-template-columns:1fr;\r\n\r\n        gap:40px;\r\n    }\r\n\r\n    .etxsta-coast-photo{\r\n        order:2;\r\n    }\r\n\r\n    .etxsta-coast-photo img{\r\n        height:430px;\r\n    }\r\n\r\n\r\n    \/* AEROPUERTO *\/\r\n\r\n    .etxsta-airport{\r\n        min-height:590px;\r\n    }\r\n\r\n    .etxsta-airport::before{\r\n        background:rgba(5,7,5,.73);\r\n    }\r\n\r\n\r\n    \/* SEO *\/\r\n\r\n    .etxsta-seo{\r\n        padding:65px 0;\r\n    }\r\n\r\n    .etxsta-seo h2{\r\n        font-size:34px;\r\n    }\r\n\r\n\r\n    \/* FAQ *\/\r\n\r\n    .etxsta-faq-grid{\r\n        grid-template-columns:1fr;\r\n\r\n        gap:35px;\r\n    }\r\n\r\n\r\n    \/* CTA *\/\r\n\r\n    .etxsta-cta{\r\n        min-height:590px;\r\n    }\r\n\r\n    .etxsta-cta::before{\r\n        background:rgba(5,7,5,.73);\r\n    }\r\n\r\n    .etxsta-cta h2{\r\n        font-size:45px;\r\n\r\n        letter-spacing:-2px;\r\n    }\r\n\r\n}\r\n<\/style>\r\n\r\n\r\n<main class=\"etxsta-page\">\r\n\r\n\r\n<!-- =====================================================\r\n     HERO\r\n     ===================================================== -->\r\n\r\n<section class=\"etxsta-hero\">\r\n\r\n    <div class=\"etxsta-hero-bg\">\r\n\r\n        <img decoding=\"async\"\r\n            src=\"https:\/\/taxilamangacartagena.es\/wp-content\/uploads\/2026\/08\/traslados-carretera-taxi-cartagena.jpeg\"\r\n            alt=\"Taxi desde la estaci\u00f3n de Cartagena\"\r\n            fetchpriority=\"high\"\r\n        >\r\n\r\n    <\/div>\r\n\r\n\r\n    <div class=\"etxsta-wrap\">\r\n\r\n        <div class=\"etxsta-hero-content\">\r\n\r\n            <div class=\"etxsta-label\">\r\n                EUROTAXI \u00b7 ESTACI\u00d3N CARTAGENA\r\n            <\/div>\r\n\r\n            <h1>\r\n                Llegas a Cartagena. <strong>Nosotros te llevamos hasta tu destino.<\/strong>\r\n            <\/h1>\r\n\r\n            <p class=\"etxsta-hero-text\">\r\n                Reserva tu taxi desde la estaci\u00f3n de Cartagena hacia\r\n                La Manga, Cabo de Palos, Mar Menor, hoteles, aeropuerto\r\n                y otros destinos de la Regi\u00f3n de Murcia.\r\n            <\/p>\r\n\r\n\r\n            <div class=\"etxsta-btns\">\r\n\r\n                <a\r\n                    class=\"etxsta-btn etxsta-btn-green\"\r\n                    href=\"tel:+34686253668\"\r\n                >\r\n                    LLAMAR A EUROTAXI\r\n                <\/a>\r\n\r\n                <a\r\n                    class=\"etxsta-btn etxsta-btn-light\"\r\n                    href=\"https:\/\/wa.me\/34686253668?text=Hola%20EUROTAXI.%20Necesito%20una%20recogida%20en%20la%20estaci%C3%B3n%20de%20Cartagena.%20Fecha%3A%20_____.%20Hora%3A%20_____.%20Destino%3A%20_____.%20Pasajeros%3A%20_____.\"\r\n                    target=\"_blank\"\r\n                    rel=\"noopener\"\r\n                >\r\n                    RESERVAR POR WHATSAPP\r\n                <\/a>\r\n\r\n            <\/div>\r\n\r\n\r\n            <div class=\"etxsta-points\">\r\n\r\n                <div class=\"etxsta-point\">\r\n                    <span>\u2713<\/span>\r\n                    Recogidas programadas\r\n                <\/div>\r\n\r\n                <div class=\"etxsta-point\">\r\n                    <span>\u2713<\/span>\r\n                    Equipaje\r\n                <\/div>\r\n\r\n                <div class=\"etxsta-point\">\r\n                    <span>\u2713<\/span>\r\n                    Familias y grupos\r\n                <\/div>\r\n\r\n                <div class=\"etxsta-point\">\r\n                    <span>\u2713<\/span>\r\n                    Cartagena y costa\r\n                <\/div>\r\n\r\n            <\/div>\r\n\r\n        <\/div>\r\n\r\n    <\/div>\r\n\r\n<\/section>\r\n\r\n\r\n\r\n<!-- =====================================================\r\n     INTRO\r\n     ===================================================== -->\r\n\r\n<section class=\"etxsta-section etxsta-intro\">\r\n\r\n    <div class=\"etxsta-wrap etxsta-intro-grid\">\r\n\r\n\r\n        <div class=\"etxsta-intro-photo\">\r\n\r\n            <img decoding=\"async\"\r\n                src=\"https:\/\/taxilamangacartagena.es\/wp-content\/uploads\/2026\/08\/taxi-equipaje-cartagena.jpg\"\r\n                alt=\"Taxi para pasajeros con equipaje en Cartagena\"\r\n                loading=\"lazy\"\r\n            >\r\n\r\n\r\n            <div class=\"etxsta-floating\">\r\n\r\n                <strong>\r\n                    De la estaci\u00f3n a tu destino\r\n                <\/strong>\r\n\r\n                <span>\r\n                    Reserva previamente tu recogida al llegar a Cartagena.\r\n                <\/span>\r\n\r\n            <\/div>\r\n\r\n        <\/div>\r\n\r\n\r\n        <div>\r\n\r\n            <div class=\"etxsta-eyebrow\">\r\n                Recogidas en estaci\u00f3n\r\n            <\/div>\r\n\r\n            <h2 class=\"etxsta-title\">\r\n                Baja del tren o autob\u00fas y contin\u00faa tu viaje\r\n            <\/h2>\r\n\r\n            <p class=\"etxsta-text\">\r\n                Si llegas a Cartagena en transporte p\u00fablico y todav\u00eda tienes\r\n                que continuar hacia tu alojamiento o destino final, puedes\r\n                organizar previamente un taxi.\r\n            <\/p>\r\n\r\n            <p class=\"etxsta-text\">\r\n                Indica la fecha de llegada, horario aproximado, n\u00famero de\r\n                pasajeros, equipaje y destino para consultar disponibilidad.\r\n            <\/p>\r\n\r\n\r\n            <div class=\"etxsta-steps\">\r\n\r\n\r\n                <div class=\"etxsta-step\">\r\n\r\n                    <span class=\"etxsta-step-num\">1<\/span>\r\n\r\n                    <div>\r\n                        <strong>\r\n                            Fecha de llegada\r\n                        <\/strong>\r\n\r\n                        <p>\r\n                            Dinos qu\u00e9 d\u00eda necesitas la recogida.\r\n                        <\/p>\r\n                    <\/div>\r\n\r\n                <\/div>\r\n\r\n\r\n                <div class=\"etxsta-step\">\r\n\r\n                    <span class=\"etxsta-step-num\">2<\/span>\r\n\r\n                    <div>\r\n                        <strong>\r\n                            Hora aproximada\r\n                        <\/strong>\r\n\r\n                        <p>\r\n                            Indica el horario previsto de llegada a Cartagena.\r\n                        <\/p>\r\n                    <\/div>\r\n\r\n                <\/div>\r\n\r\n\r\n                <div class=\"etxsta-step\">\r\n\r\n                    <span class=\"etxsta-step-num\">3<\/span>\r\n\r\n                    <div>\r\n                        <strong>\r\n                            Pasajeros y equipaje\r\n                        <\/strong>\r\n\r\n                        <p>\r\n                            Facilita esta informaci\u00f3n si viaj\u00e1is varias\r\n                            personas o llev\u00e1is maletas.\r\n                        <\/p>\r\n                    <\/div>\r\n\r\n                <\/div>\r\n\r\n\r\n                <div class=\"etxsta-step\">\r\n\r\n                    <span class=\"etxsta-step-num\">4<\/span>\r\n\r\n                    <div>\r\n                        <strong>\r\n                            Destino final\r\n                        <\/strong>\r\n\r\n                        <p>\r\n                            Hotel, La Manga, Cabo de Palos, Mar Menor,\r\n                            aeropuerto u otro punto.\r\n                        <\/p>\r\n                    <\/div>\r\n\r\n                <\/div>\r\n\r\n\r\n            <\/div>\r\n\r\n\r\n            <div class=\"etxsta-btns\">\r\n\r\n                <a\r\n                    class=\"etxsta-btn etxsta-btn-dark\"\r\n                    href=\"\/index.php\/contacto\/\"\r\n                >\r\n                    RESERVAR RECOGIDA\r\n                <\/a>\r\n\r\n            <\/div>\r\n\r\n        <\/div>\r\n\r\n    <\/div>\r\n\r\n<\/section>\r\n\r\n\r\n\r\n<!-- =====================================================\r\n     DESTINOS\r\n     ===================================================== -->\r\n\r\n<section class=\"etxsta-section etxsta-destinations\">\r\n\r\n    <div class=\"etxsta-wrap\">\r\n\r\n\r\n        <div class=\"etxsta-destinations-head\">\r\n\r\n            <div class=\"etxsta-eyebrow\">\r\n                Desde Cartagena\r\n            <\/div>\r\n\r\n            <h2 class=\"etxsta-title\">\r\n                \u00bfD\u00f3nde contin\u00faa tu viaje?\r\n            <\/h2>\r\n\r\n            <p class=\"etxsta-text\">\r\n                Desde la estaci\u00f3n puedes consultar diferentes traslados\r\n                hacia Cartagena y la costa.\r\n            <\/p>\r\n\r\n        <\/div>\r\n\r\n\r\n        <div class=\"etxsta-destination-grid\">\r\n\r\n\r\n            <!-- LA MANGA -->\r\n\r\n            <article class=\"etxsta-destination\">\r\n\r\n                <img decoding=\"async\"\r\n                    src=\"https:\/\/taxilamangacartagena.es\/wp-content\/uploads\/2026\/08\/taxi-mercedes-8-plazas-cartagena-costa.jpg\"\r\n                    alt=\"Taxi estaci\u00f3n Cartagena La Manga\"\r\n                    loading=\"lazy\"\r\n                >\r\n\r\n                <div class=\"etxsta-destination-content\">\r\n\r\n                    <div class=\"etxsta-destination-icon\">\r\n                        \u2600\r\n                    <\/div>\r\n\r\n                    <h3>\r\n                        La Manga\r\n                    <\/h3>\r\n\r\n                    <p>\r\n                        Contin\u00faa directamente desde Cartagena hacia\r\n                        La Manga del Mar Menor.\r\n                    <\/p>\r\n\r\n                    <a\r\n                        class=\"etxsta-destination-link\"\r\n                        href=\"\/index.php\/taxi-la-manga\/\"\r\n                    >\r\n                        Ver Taxi La Manga \u2192\r\n                    <\/a>\r\n\r\n                <\/div>\r\n\r\n            <\/article>\r\n\r\n\r\n            <!-- CABO -->\r\n\r\n            <article class=\"etxsta-destination\">\r\n\r\n                <img decoding=\"async\"\r\n                    src=\"https:\/\/taxilamangacartagena.es\/wp-content\/uploads\/2026\/08\/servicio-taxi-playas-cartagena.jpg\"\r\n                    alt=\"Taxi estaci\u00f3n Cartagena Cabo de Palos\"\r\n                    loading=\"lazy\"\r\n                >\r\n\r\n                <div class=\"etxsta-destination-content\">\r\n\r\n                    <div class=\"etxsta-destination-icon\">\r\n                        \ud83d\udccd\r\n                    <\/div>\r\n\r\n                    <h3>\r\n                        Cabo de Palos\r\n                    <\/h3>\r\n\r\n                    <p>\r\n                        Consulta un traslado desde Cartagena hacia Cabo de\r\n                        Palos y otras zonas de costa.\r\n                    <\/p>\r\n\r\n                    <a\r\n                        class=\"etxsta-destination-link\"\r\n                        href=\"\/index.php\/taxi-cabo-de-palos\/\"\r\n                    >\r\n                        Ver Taxi Cabo de Palos \u2192\r\n                    <\/a>\r\n\r\n                <\/div>\r\n\r\n            <\/article>\r\n\r\n\r\n            <!-- MAR MENOR -->\r\n\r\n            <article class=\"etxsta-destination\">\r\n\r\n                <img decoding=\"async\"\r\n                    src=\"https:\/\/taxilamangacartagena.es\/wp-content\/uploads\/2026\/08\/taxi-mercedes-cartagena-costa.jpg\"\r\n                    alt=\"Taxi estaci\u00f3n Cartagena Mar Menor\"\r\n                    loading=\"lazy\"\r\n                >\r\n\r\n                <div class=\"etxsta-destination-content\">\r\n\r\n                    <div class=\"etxsta-destination-icon\">\r\n                        \u224b\r\n                    <\/div>\r\n\r\n                    <h3>\r\n                        Mar Menor\r\n                    <\/h3>\r\n\r\n                    <p>\r\n                        Consulta desplazamientos hacia diferentes zonas del\r\n                        entorno del Mar Menor.\r\n                    <\/p>\r\n\r\n                    <a\r\n                        class=\"etxsta-destination-link\"\r\n                        href=\"\/index.php\/taxi-mar-menor\/\"\r\n                    >\r\n                        Ver Taxi Mar Menor \u2192\r\n                    <\/a>\r\n\r\n                <\/div>\r\n\r\n            <\/article>\r\n\r\n\r\n            <!-- HOTEL -->\r\n\r\n            <article class=\"etxsta-destination\">\r\n\r\n                <img decoding=\"async\"\r\n                    src=\"https:\/\/taxilamangacartagena.es\/wp-content\/uploads\/2026\/08\/taxi-hotel-occidental-mar-menor.jpg\"\r\n                    alt=\"Taxi desde estaci\u00f3n Cartagena a hotel\"\r\n                    loading=\"lazy\"\r\n                >\r\n\r\n                <div class=\"etxsta-destination-content\">\r\n\r\n                    <div class=\"etxsta-destination-icon\">\r\n                        H\r\n                    <\/div>\r\n\r\n                    <h3>\r\n                        Hoteles y alojamientos\r\n                    <\/h3>\r\n\r\n                    <p>\r\n                        Reserva una recogida para continuar directamente\r\n                        hacia tu alojamiento.\r\n                    <\/p>\r\n\r\n                    <a\r\n                        class=\"etxsta-destination-link\"\r\n                        href=\"\/index.php\/contacto\/\"\r\n                    >\r\n                        Consultar recogida \u2192\r\n                    <\/a>\r\n\r\n                <\/div>\r\n\r\n            <\/article>\r\n\r\n\r\n        <\/div>\r\n\r\n    <\/div>\r\n\r\n<\/section>\r\n\r\n\r\n\r\n<!-- =====================================================\r\n     LLEGADA\r\n     ===================================================== -->\r\n\r\n<section class=\"etxsta-section etxsta-arrival\">\r\n\r\n    <div class=\"etxsta-wrap etxsta-arrival-grid\">\r\n\r\n\r\n        <div>\r\n\r\n            <div class=\"etxsta-eyebrow\">\r\n                Llegada a Cartagena\r\n            <\/div>\r\n\r\n            <h2 class=\"etxsta-title\">\r\n                Evita improvisar el \u00faltimo tramo del viaje\r\n            <\/h2>\r\n\r\n            <p class=\"etxsta-text\">\r\n                Cuando todav\u00eda queda carretera despu\u00e9s del tren o autob\u00fas,\r\n                reservar previamente la recogida permite tener organizado\r\n                el siguiente desplazamiento.\r\n            <\/p>\r\n\r\n            <p class=\"etxsta-text\">\r\n                Es especialmente pr\u00e1ctico si llegas con varias maletas,\r\n                viajas acompa\u00f1ado o tu destino est\u00e1 fuera del centro de\r\n                Cartagena.\r\n            <\/p>\r\n\r\n\r\n            <div class=\"etxsta-btns\">\r\n\r\n                <a\r\n                    class=\"etxsta-btn etxsta-btn-green\"\r\n                    href=\"https:\/\/wa.me\/34686253668?text=Hola%20EUROTAXI.%20Llegamos%20a%20Cartagena%20y%20necesitamos%20una%20recogida%20en%20la%20estaci%C3%B3n.%20Fecha%3A%20_____.%20Hora%3A%20_____.%20Destino%3A%20_____.\"\r\n                    target=\"_blank\"\r\n                    rel=\"noopener\"\r\n                >\r\n                    ORGANIZAR RECOGIDA\r\n                <\/a>\r\n\r\n            <\/div>\r\n\r\n        <\/div>\r\n\r\n\r\n        <div class=\"etxsta-arrival-images\">\r\n\r\n            <img decoding=\"async\"\r\n                src=\"https:\/\/taxilamangacartagena.es\/wp-content\/uploads\/2026\/08\/vehiculo-eurotaxi-cartagena-mercedes.jpg\"\r\n                alt=\"Eurotaxi Cartagena para recogidas programadas\"\r\n                loading=\"lazy\"\r\n            >\r\n\r\n            <img decoding=\"async\"\r\n                src=\"https:\/\/taxilamangacartagena.es\/wp-content\/uploads\/2026\/08\/taxi-equipaje-cartagena.jpg\"\r\n                alt=\"Taxi Cartagena con equipaje\"\r\n                loading=\"lazy\"\r\n            >\r\n\r\n        <\/div>\r\n\r\n    <\/div>\r\n\r\n<\/section>\r\n\r\n\r\n\r\n<!-- =====================================================\r\n     EQUIPAJE Y GRUPOS\r\n     ===================================================== -->\r\n\r\n<section class=\"etxsta-section etxsta-luggage\">\r\n\r\n    <div class=\"etxsta-wrap etxsta-luggage-grid\">\r\n\r\n\r\n        <div>\r\n\r\n            <div class=\"etxsta-eyebrow\">\r\n                Equipaje y pasajeros\r\n            <\/div>\r\n\r\n            <h2 class=\"etxsta-title\">\r\n                Si viajas cargado, cu\u00e9ntanoslo antes\r\n            <\/h2>\r\n\r\n            <p class=\"etxsta-text\">\r\n                Si lleg\u00e1is varias personas o llev\u00e1is varias maletas,\r\n                ind\u00edcalo al realizar la consulta para valorar correctamente\r\n                las necesidades del servicio.\r\n            <\/p>\r\n\r\n            <p class=\"etxsta-text\">\r\n                Tambi\u00e9n puedes consultar nuestro servicio para grupos si\r\n                viaj\u00e1is juntos hacia el mismo destino.\r\n            <\/p>\r\n\r\n\r\n            <div class=\"etxsta-tags\">\r\n\r\n                <span class=\"etxsta-tag\">\r\n                    Equipaje\r\n                <\/span>\r\n\r\n                <span class=\"etxsta-tag\">\r\n                    Familias\r\n                <\/span>\r\n\r\n                <span class=\"etxsta-tag\">\r\n                    Grupos\r\n                <\/span>\r\n\r\n                <span class=\"etxsta-tag\">\r\n                    Hoteles\r\n                <\/span>\r\n\r\n                <span class=\"etxsta-tag\">\r\n                    Costa\r\n                <\/span>\r\n\r\n                <span class=\"etxsta-tag\">\r\n                    Aeropuerto\r\n                <\/span>\r\n\r\n            <\/div>\r\n\r\n\r\n            <div class=\"etxsta-btns\">\r\n\r\n                <a\r\n                    class=\"etxsta-btn etxsta-btn-dark\"\r\n                    href=\"\/index.php\/taxi-8-plazas-cartagena\/\"\r\n                >\r\n                    VER TAXI 8 PLAZAS\r\n                <\/a>\r\n\r\n            <\/div>\r\n\r\n        <\/div>\r\n\r\n\r\n        <div class=\"etxsta-luggage-photo\">\r\n\r\n            <img decoding=\"async\"\r\n                src=\"https:\/\/taxilamangacartagena.es\/wp-content\/uploads\/2026\/08\/eurotaxi-cartagena-8-plazas.jpg\"\r\n                alt=\"Taxi para grupos desde estaci\u00f3n Cartagena\"\r\n                loading=\"lazy\"\r\n            >\r\n\r\n        <\/div>\r\n\r\n    <\/div>\r\n\r\n<\/section>\r\n\r\n\r\n\r\n<!-- =====================================================\r\n     COSTA\r\n     ===================================================== -->\r\n\r\n<section class=\"etxsta-section etxsta-coast\">\r\n\r\n    <div class=\"etxsta-wrap etxsta-coast-grid\">\r\n\r\n\r\n        <div class=\"etxsta-coast-photo\">\r\n\r\n            <img decoding=\"async\"\r\n                src=\"https:\/\/taxilamangacartagena.es\/wp-content\/uploads\/2026\/08\/taxi-mercedes-8-plazas-cartagena-costa.jpg\"\r\n                alt=\"Taxi desde estaci\u00f3n Cartagena hacia costa y La Manga\"\r\n                loading=\"lazy\"\r\n            >\r\n\r\n        <\/div>\r\n\r\n\r\n        <div>\r\n\r\n            <div class=\"etxsta-eyebrow\">\r\n                Cartagena \u2192 Costa\r\n            <\/div>\r\n\r\n            <h2 class=\"etxsta-title\">\r\n                Del centro de Cartagena a tu alojamiento en la costa\r\n            <\/h2>\r\n\r\n            <p class=\"etxsta-text\">\r\n                Si tu viaje contin\u00faa hacia La Manga, Cabo de Palos,\r\n                Playa Honda, Playa Para\u00edso, Los Urrutias u otra zona del\r\n                Mar Menor, puedes consultar una recogida desde Cartagena.\r\n            <\/p>\r\n\r\n            <p class=\"etxsta-text\">\r\n                Indica el destino exacto para preparar correctamente la\r\n                solicitud.\r\n            <\/p>\r\n\r\n\r\n            <div class=\"etxsta-btns\">\r\n\r\n                <a\r\n                    class=\"etxsta-btn etxsta-btn-dark\"\r\n                    href=\"\/index.php\/taxi-la-manga\/\"\r\n                >\r\n                    VER TAXI LA MANGA\r\n                <\/a>\r\n\r\n            <\/div>\r\n\r\n        <\/div>\r\n\r\n    <\/div>\r\n\r\n<\/section>\r\n\r\n\r\n\r\n<!-- =====================================================\r\n     AEROPUERTO\r\n     ===================================================== -->\r\n\r\n<section class=\"etxsta-airport\">\r\n\r\n    <div class=\"etxsta-airport-bg\">\r\n\r\n        <img decoding=\"async\"\r\n            src=\"https:\/\/taxilamangacartagena.es\/wp-content\/uploads\/2026\/08\/traslado-aeropuerto-eurotaxi-cartagena.jpg\"\r\n            alt=\"Taxi estaci\u00f3n Cartagena aeropuerto\"\r\n            loading=\"lazy\"\r\n        >\r\n\r\n    <\/div>\r\n\r\n\r\n    <div class=\"etxsta-wrap\">\r\n\r\n        <div class=\"etxsta-airport-content\">\r\n\r\n            <div class=\"etxsta-eyebrow\">\r\n                Conexiones\r\n            <\/div>\r\n\r\n            <h2 class=\"etxsta-title\">\r\n                \u00bfTu viaje contin\u00faa hacia el aeropuerto?\r\n            <\/h2>\r\n\r\n            <p class=\"etxsta-text\">\r\n                Tambi\u00e9n puedes consultar un traslado desde Cartagena hacia\r\n                el aeropuerto si necesitas continuar el viaje despu\u00e9s de\r\n                llegar a la ciudad.\r\n            <\/p>\r\n\r\n            <p class=\"etxsta-text\">\r\n                Facilita fecha, horario, pasajeros y equipaje cuando\r\n                realices la consulta.\r\n            <\/p>\r\n\r\n\r\n            <div class=\"etxsta-btns\">\r\n\r\n                <a\r\n                    class=\"etxsta-btn etxsta-btn-green\"\r\n                    href=\"\/index.php\/taxi-aeropuerto-cartagena\/\"\r\n                >\r\n                    VER TAXI AEROPUERTO\r\n                <\/a>\r\n\r\n                <a\r\n                    class=\"etxsta-btn etxsta-btn-light\"\r\n                    href=\"https:\/\/wa.me\/34686253668?text=Hola%20EUROTAXI.%20Necesito%20un%20traslado%20desde%20la%20estaci%C3%B3n%20de%20Cartagena%20al%20aeropuerto.%20Fecha%3A%20_____.%20Hora%3A%20_____.%20Pasajeros%3A%20_____.\"\r\n                    target=\"_blank\"\r\n                    rel=\"noopener\"\r\n                >\r\n                    CONSULTAR TRASLADO\r\n                <\/a>\r\n\r\n            <\/div>\r\n\r\n        <\/div>\r\n\r\n    <\/div>\r\n\r\n<\/section>\r\n\r\n\r\n\r\n<!-- =====================================================\r\n     SEO + ENLAZADO\r\n     ===================================================== -->\r\n\r\n<section class=\"etxsta-seo\">\r\n\r\n    <div class=\"etxsta-wrap\">\r\n\r\n        <div class=\"etxsta-seo-inner\">\r\n\r\n            <h2>\r\n                Taxi desde la estaci\u00f3n de Cartagena\r\n            <\/h2>\r\n\r\n            <p>\r\n                Si buscas un taxi desde la estaci\u00f3n de Cartagena, EUROTAXI\r\n                permite consultar recogidas programadas para continuar hacia\r\n                La Manga, Cabo de Palos, Mar Menor, hoteles, aeropuerto y\r\n                otros destinos de la Regi\u00f3n de Murcia.\r\n            <\/p>\r\n\r\n            <p>\r\n                Puedes reservar previamente indicando la fecha y horario de\r\n                llegada, n\u00famero de pasajeros, equipaje y destino final.\r\n                Tambi\u00e9n puedes consultar taxi para grupos o servicio adaptado\r\n                si necesitas caracter\u00edsticas concretas para el trayecto.\r\n            <\/p>\r\n\r\n\r\n            <div class=\"etxsta-related\">\r\n\r\n                <a href=\"\/index.php\/taxi-la-manga\/\">\r\n                    Taxi La Manga\r\n                <\/a>\r\n\r\n                <a href=\"\/index.php\/taxi-cabo-de-palos\/\">\r\n                    Taxi Cabo de Palos\r\n                <\/a>\r\n\r\n                <a href=\"\/index.php\/taxi-mar-menor\/\">\r\n                    Taxi Mar Menor\r\n                <\/a>\r\n\r\n                <a href=\"\/index.php\/taxi-playa-honda\/\">\r\n                    Taxi Playa Honda\r\n                <\/a>\r\n\r\n                <a href=\"\/index.php\/taxi-playa-paraiso\/\">\r\n                    Taxi Playa Para\u00edso\r\n                <\/a>\r\n\r\n                <a href=\"\/index.php\/taxi-los-urrutias\/\">\r\n                    Taxi Los Urrutias\r\n                <\/a>\r\n\r\n                <a href=\"\/index.php\/taxi-la-union\/\">\r\n                    Taxi La Uni\u00f3n\r\n                <\/a>\r\n\r\n                <a href=\"\/index.php\/taxi-puerto-cartagena-cruceros\/\">\r\n                    Taxi Puerto de Cartagena\r\n                <\/a>\r\n\r\n                <a href=\"\/index.php\/taxi-aeropuerto-cartagena\/\">\r\n                    Taxi aeropuerto\r\n                <\/a>\r\n\r\n                <a href=\"\/index.php\/taxi-8-plazas-cartagena\/\">\r\n                    Taxi 8 plazas\r\n                <\/a>\r\n\r\n                <a href=\"\/index.php\/taxi-adaptado-cartagena\/\">\r\n                    Taxi adaptado\r\n                <\/a>\r\n\r\n                <a href=\"\/index.php\/servicios-taxi-cartagena\/\">\r\n                    Todos los servicios\r\n                <\/a>\r\n\r\n                <a href=\"\/index.php\/galeria\/\">\r\n                    Galer\u00eda\r\n                <\/a>\r\n\r\n                <a href=\"\/index.php\/contacto\/\">\r\n                    Reservar taxi\r\n                <\/a>\r\n\r\n            <\/div>\r\n\r\n        <\/div>\r\n\r\n    <\/div>\r\n\r\n<\/section>\r\n\r\n\r\n\r\n<!-- =====================================================\r\n     FAQ\r\n     ===================================================== -->\r\n\r\n<section class=\"etxsta-section etxsta-faq\">\r\n\r\n    <div class=\"etxsta-wrap etxsta-faq-grid\">\r\n\r\n\r\n        <div>\r\n\r\n            <div class=\"etxsta-eyebrow\">\r\n                Preguntas frecuentes\r\n            <\/div>\r\n\r\n            <h2 class=\"etxsta-title\">\r\n                Taxi Estaci\u00f3n Cartagena\r\n            <\/h2>\r\n\r\n        <\/div>\r\n\r\n\r\n        <div class=\"etxsta-faq-list\">\r\n\r\n\r\n            <div class=\"etxsta-faq-item active\">\r\n\r\n                <button\r\n                    class=\"etxsta-faq-question\"\r\n                    type=\"button\"\r\n                >\r\n                    \u00bfPuedo reservar una recogida en la estaci\u00f3n de Cartagena?\r\n\r\n                    <span class=\"etxsta-faq-plus\">+<\/span>\r\n                <\/button>\r\n\r\n                <div class=\"etxsta-faq-answer\">\r\n                    S\u00ed. Puedes contactar previamente indicando fecha,\r\n                    horario aproximado de llegada, destino y n\u00famero de\r\n                    pasajeros para consultar disponibilidad.\r\n                <\/div>\r\n\r\n            <\/div>\r\n\r\n\r\n            <div class=\"etxsta-faq-item\">\r\n\r\n                <button\r\n                    class=\"etxsta-faq-question\"\r\n                    type=\"button\"\r\n                >\r\n                    \u00bfPuedo ir desde la estaci\u00f3n de Cartagena a La Manga?\r\n\r\n                    <span class=\"etxsta-faq-plus\">+<\/span>\r\n                <\/button>\r\n\r\n                <div class=\"etxsta-faq-answer\">\r\n                    Puedes consultar un traslado desde Cartagena hacia\r\n                    La Manga y diferentes puntos del Mar Menor.\r\n                <\/div>\r\n\r\n            <\/div>\r\n\r\n\r\n            <div class=\"etxsta-faq-item\">\r\n\r\n                <button\r\n                    class=\"etxsta-faq-question\"\r\n                    type=\"button\"\r\n                >\r\n                    \u00bfRealiz\u00e1is traslados a Cabo de Palos?\r\n\r\n                    <span class=\"etxsta-faq-plus\">+<\/span>\r\n                <\/button>\r\n\r\n                <div class=\"etxsta-faq-answer\">\r\n                    S\u00ed. Puedes consultar desplazamientos desde Cartagena\r\n                    hacia Cabo de Palos y otras zonas de la costa.\r\n                <\/div>\r\n\r\n            <\/div>\r\n\r\n\r\n            <div class=\"etxsta-faq-item\">\r\n\r\n                <button\r\n                    class=\"etxsta-faq-question\"\r\n                    type=\"button\"\r\n                >\r\n                    \u00bfPuedo reservar si llevo varias maletas?\r\n\r\n                    <span class=\"etxsta-faq-plus\">+<\/span>\r\n                <\/button>\r\n\r\n                <div class=\"etxsta-faq-answer\">\r\n                    S\u00ed. Es recomendable indicar el n\u00famero de pasajeros y el\r\n                    equipaje al realizar la consulta para valorar\r\n                    correctamente las necesidades del servicio.\r\n                <\/div>\r\n\r\n            <\/div>\r\n\r\n\r\n            <div class=\"etxsta-faq-item\">\r\n\r\n                <button\r\n                    class=\"etxsta-faq-question\"\r\n                    type=\"button\"\r\n                >\r\n                    \u00bfTen\u00e9is taxi para grupos?\r\n\r\n                    <span class=\"etxsta-faq-plus\">+<\/span>\r\n                <\/button>\r\n\r\n                <div class=\"etxsta-faq-answer\">\r\n                    EUROTAXI dispone de servicio para grupos. Indica el\r\n                    n\u00famero de pasajeros y equipaje al solicitar la recogida.\r\n                <\/div>\r\n\r\n            <\/div>\r\n\r\n\r\n            <div class=\"etxsta-faq-item\">\r\n\r\n                <button\r\n                    class=\"etxsta-faq-question\"\r\n                    type=\"button\"\r\n                >\r\n                    \u00bfPuedo continuar desde Cartagena hacia el aeropuerto?\r\n\r\n                    <span class=\"etxsta-faq-plus\">+<\/span>\r\n                <\/button>\r\n\r\n                <div class=\"etxsta-faq-answer\">\r\n                    S\u00ed. Puedes consultar un traslado programado desde\r\n                    Cartagena hacia el aeropuerto indicando fecha, horario,\r\n                    pasajeros y equipaje.\r\n                <\/div>\r\n\r\n            <\/div>\r\n\r\n\r\n        <\/div>\r\n\r\n    <\/div>\r\n\r\n<\/section>\r\n\r\n\r\n\r\n<!-- =====================================================\r\n     CTA FINAL\r\n     ===================================================== -->\r\n\r\n<section class=\"etxsta-cta\">\r\n\r\n    <div class=\"etxsta-cta-bg\">\r\n\r\n        <img decoding=\"async\"\r\n            src=\"https:\/\/taxilamangacartagena.es\/wp-content\/uploads\/2026\/08\/pedir-taxi-movil-cartagena.jpeg\"\r\n            alt=\"Reservar taxi desde estaci\u00f3n Cartagena\"\r\n            loading=\"lazy\"\r\n        >\r\n\r\n    <\/div>\r\n\r\n\r\n    <div class=\"etxsta-wrap\">\r\n\r\n        <div class=\"etxsta-cta-content\">\r\n\r\n            <div class=\"etxsta-cta-label\">\r\n                EUROTAXI \u00b7 Cartagena\r\n            <\/div>\r\n\r\n            <h2>\r\n                Llegas a Cartagena.<br>\r\n                Tu viaje sigue.\r\n            <\/h2>\r\n\r\n            <p>\r\n                Ind\u00edcanos cu\u00e1ndo llegas, cu\u00e1ntas personas viaj\u00e1is y cu\u00e1l es\r\n                vuestro destino. Consulta la recogida por tel\u00e9fono o WhatsApp.\r\n            <\/p>\r\n\r\n\r\n            <div class=\"etxsta-btns\">\r\n\r\n                <a\r\n                    class=\"etxsta-btn etxsta-btn-green\"\r\n                    href=\"https:\/\/wa.me\/34686253668?text=Hola%20EUROTAXI.%20Necesito%20reservar%20una%20recogida%20en%20la%20estaci%C3%B3n%20de%20Cartagena.%20Fecha%3A%20_____.%20Hora%3A%20_____.%20Destino%3A%20_____.%20Pasajeros%3A%20_____.\"\r\n                    target=\"_blank\"\r\n                    rel=\"noopener\"\r\n                >\r\n                    RESERVAR POR WHATSAPP\r\n                <\/a>\r\n\r\n                <a\r\n                    class=\"etxsta-btn etxsta-btn-light\"\r\n                    href=\"tel:+34686253668\"\r\n                >\r\n                    LLAMAR AL 686 253 668\r\n                <\/a>\r\n\r\n            <\/div>\r\n\r\n        <\/div>\r\n\r\n    <\/div>\r\n\r\n<\/section>\r\n\r\n\r\n<\/main>\r\n\r\n\r\n\r\n<!-- =====================================================\r\n     SERVICE SCHEMA\r\n     ===================================================== -->\r\n\r\n<script type=\"application\/ld+json\">\r\n{\r\n    \"@context\":\"https:\/\/schema.org\",\r\n    \"@type\":\"Service\",\r\n    \"name\":\"Taxi Estaci\u00f3n Cartagena\",\r\n    \"serviceType\":\"Servicio de taxi desde la estaci\u00f3n de Cartagena\",\r\n    \"provider\":{\r\n        \"@type\":\"LocalBusiness\",\r\n        \"name\":\"EUROTAXI\",\r\n        \"telephone\":\"+34686253668\",\r\n        \"email\":\"info@taxilamangacartagena.es\",\r\n        \"url\":\"https:\/\/taxilamangacartagena.es\/\"\r\n    },\r\n    \"areaServed\":[\r\n        {\r\n            \"@type\":\"City\",\r\n            \"name\":\"Cartagena\"\r\n        },\r\n        {\r\n            \"@type\":\"Place\",\r\n            \"name\":\"La Manga del Mar Menor\"\r\n        },\r\n        {\r\n            \"@type\":\"Place\",\r\n            \"name\":\"Cabo de Palos\"\r\n        },\r\n        {\r\n            \"@type\":\"Place\",\r\n            \"name\":\"Mar Menor\"\r\n        },\r\n        {\r\n            \"@type\":\"AdministrativeArea\",\r\n            \"name\":\"Regi\u00f3n de Murcia\"\r\n        }\r\n    ],\r\n    \"url\":\"https:\/\/taxilamangacartagena.es\/index.php\/taxi-estacion-cartagena\/\"\r\n}\r\n<\/script>\r\n\r\n\r\n\r\n<!-- =====================================================\r\n     FAQ SCHEMA\r\n     ===================================================== -->\r\n\r\n<script type=\"application\/ld+json\">\r\n{\r\n    \"@context\":\"https:\/\/schema.org\",\r\n    \"@type\":\"FAQPage\",\r\n    \"mainEntity\":[\r\n        {\r\n            \"@type\":\"Question\",\r\n            \"name\":\"\u00bfPuedo reservar una recogida en la estaci\u00f3n de Cartagena?\",\r\n            \"acceptedAnswer\":{\r\n                \"@type\":\"Answer\",\r\n                \"text\":\"S\u00ed. Puedes contactar previamente indicando fecha, horario aproximado de llegada, destino y n\u00famero de pasajeros para consultar disponibilidad.\"\r\n            }\r\n        },\r\n        {\r\n            \"@type\":\"Question\",\r\n            \"name\":\"\u00bfPuedo ir desde la estaci\u00f3n de Cartagena a La Manga?\",\r\n            \"acceptedAnswer\":{\r\n                \"@type\":\"Answer\",\r\n                \"text\":\"Puedes consultar un traslado desde Cartagena hacia La Manga y diferentes puntos del Mar Menor.\"\r\n            }\r\n        },\r\n        {\r\n            \"@type\":\"Question\",\r\n            \"name\":\"\u00bfRealiz\u00e1is traslados a Cabo de Palos?\",\r\n            \"acceptedAnswer\":{\r\n                \"@type\":\"Answer\",\r\n                \"text\":\"S\u00ed. Puedes consultar desplazamientos desde Cartagena hacia Cabo de Palos y otras zonas de la costa.\"\r\n            }\r\n        },\r\n        {\r\n            \"@type\":\"Question\",\r\n            \"name\":\"\u00bfPuedo reservar si llevo varias maletas?\",\r\n            \"acceptedAnswer\":{\r\n                \"@type\":\"Answer\",\r\n                \"text\":\"S\u00ed. Es recomendable indicar el n\u00famero de pasajeros y el equipaje al realizar la consulta para valorar correctamente las necesidades del servicio.\"\r\n            }\r\n        },\r\n        {\r\n            \"@type\":\"Question\",\r\n            \"name\":\"\u00bfTen\u00e9is taxi para grupos?\",\r\n            \"acceptedAnswer\":{\r\n                \"@type\":\"Answer\",\r\n                \"text\":\"EUROTAXI dispone de servicio para grupos. Indica el n\u00famero de pasajeros y equipaje al solicitar la recogida.\"\r\n            }\r\n        },\r\n        {\r\n            \"@type\":\"Question\",\r\n            \"name\":\"\u00bfPuedo continuar desde Cartagena hacia el aeropuerto?\",\r\n            \"acceptedAnswer\":{\r\n                \"@type\":\"Answer\",\r\n                \"text\":\"S\u00ed. Puedes consultar un traslado programado desde Cartagena hacia el aeropuerto indicando fecha, horario, pasajeros y equipaje.\"\r\n            }\r\n        }\r\n    ]\r\n}\r\n<\/script>\r\n\r\n\r\n\r\n<script>\r\ndocument.addEventListener(\"DOMContentLoaded\",function(){\r\n\r\n    const questions =\r\n        document.querySelectorAll(\r\n            \".etxsta-faq-question\"\r\n        );\r\n\r\n    questions.forEach(function(question){\r\n\r\n        question.addEventListener(\r\n            \"click\",\r\n            function(){\r\n\r\n                const item =\r\n                    this.closest(\r\n                        \".etxsta-faq-item\"\r\n                    );\r\n\r\n                item.classList.toggle(\r\n                    \"active\"\r\n                );\r\n\r\n            }\r\n        );\r\n\r\n    });\r\n\r\n});\r\n<\/script>\t\t\t\t<\/div>\n\t\t\n<\/div>\n\t\t<\/div>\n\t\t","protected":false},"excerpt":{"rendered":"<p>EUROTAXI \u00b7 ESTACI\u00d3N CARTAGENA Llegas a Cartagena. Nosotros te llevamos hasta tu destino. Reserva tu taxi desde la estaci\u00f3n de Cartagena hacia La Manga, Cabo de Palos, Mar Menor, hoteles, aeropuerto y otros destinos de la Regi\u00f3n de Murcia. LLAMAR A EUROTAXI RESERVAR POR WHATSAPP \u2713 Recogidas programadas \u2713 Equipaje \u2713 Familias y grupos \u2713 &hellip; <\/p>\n<p class=\"link-more\"><a href=\"https:\/\/taxilamangacartagena.es\/index.php\/taxi-estacion-cartagena\/\" class=\"more-link\">Leer m\u00e1s<span class=\"screen-reader-text\"> \u00abTaxi Estaci\u00f3n de Cartagena\u00bb<\/span><\/a><\/p>\n","protected":false},"author":1,"featured_media":0,"parent":0,"menu_order":0,"comment_status":"closed","ping_status":"closed","template":"","meta":{"inspiro_hide_title":false,"inspiro_hide_featured_image":false,"footnotes":""},"class_list":["post-160","page","type-page","status-publish","hentry"],"yoast_head":"<!-- This site is optimized with the Yoast SEO plugin v28.3 - https:\/\/yoast.com\/product\/yoast-seo-wordpress\/ -->\n<title>Taxi Estaci\u00f3n de Cartagena - Eurotaxi<\/title>\n<meta name=\"description\" content=\"Eurotaxi en la Estaci\u00f3n de Cartagena ofrece taxis r\u00e1pidos y confiables. Viaja c\u00f3modo y seguro. Reserva tu taxi ahora y disfruta del trayecto.\" \/>\n<meta name=\"robots\" content=\"index, follow, max-snippet:-1, max-image-preview:large, max-video-preview:-1\" \/>\n<link rel=\"canonical\" href=\"https:\/\/taxilamangacartagena.es\/index.php\/taxi-estacion-cartagena\/\" \/>\n<meta property=\"og:locale\" content=\"es_ES\" \/>\n<meta property=\"og:type\" content=\"article\" \/>\n<meta property=\"og:title\" content=\"Taxi Estaci\u00f3n de Cartagena - Eurotaxi\" \/>\n<meta property=\"og:description\" content=\"Eurotaxi en la Estaci\u00f3n de Cartagena ofrece taxis r\u00e1pidos y confiables. Viaja c\u00f3modo y seguro. Reserva tu taxi ahora y disfruta del trayecto.\" \/>\n<meta property=\"og:url\" content=\"https:\/\/taxilamangacartagena.es\/index.php\/taxi-estacion-cartagena\/\" \/>\n<meta property=\"og:site_name\" content=\"Eurotaxi\" \/>\n<meta property=\"article:modified_time\" content=\"2026-08-27T22:03:28+00:00\" \/>\n<meta property=\"og:image\" content=\"https:\/\/taxilamangacartagena.es\/wp-content\/uploads\/2026\/08\/traslados-carretera-taxi-cartagena.jpeg\" \/>\n<meta name=\"twitter:card\" content=\"summary_large_image\" \/>\n<meta name=\"twitter:label1\" content=\"Tiempo de lectura\" \/>\n\t<meta name=\"twitter:data1\" content=\"7 minutos\" \/>\n<script type=\"application\/ld+json\" class=\"yoast-schema-graph\">{\"@context\":\"https:\\\/\\\/schema.org\",\"@graph\":[{\"@type\":\"WebPage\",\"@id\":\"https:\\\/\\\/taxilamangacartagena.es\\\/index.php\\\/taxi-estacion-cartagena\\\/\",\"url\":\"https:\\\/\\\/taxilamangacartagena.es\\\/index.php\\\/taxi-estacion-cartagena\\\/\",\"name\":\"Taxi Estaci\u00f3n de Cartagena - Eurotaxi\",\"isPartOf\":{\"@id\":\"https:\\\/\\\/taxilamangacartagena.es\\\/#website\"},\"primaryImageOfPage\":{\"@id\":\"https:\\\/\\\/taxilamangacartagena.es\\\/index.php\\\/taxi-estacion-cartagena\\\/#primaryimage\"},\"image\":{\"@id\":\"https:\\\/\\\/taxilamangacartagena.es\\\/index.php\\\/taxi-estacion-cartagena\\\/#primaryimage\"},\"thumbnailUrl\":\"https:\\\/\\\/taxilamangacartagena.es\\\/wp-content\\\/uploads\\\/2026\\\/08\\\/traslados-carretera-taxi-cartagena.jpeg\",\"datePublished\":\"2026-08-27T21:04:02+00:00\",\"dateModified\":\"2026-08-27T22:03:28+00:00\",\"description\":\"Eurotaxi en la Estaci\u00f3n de Cartagena ofrece taxis r\u00e1pidos y confiables. Viaja c\u00f3modo y seguro. Reserva tu taxi ahora y disfruta del trayecto.\",\"breadcrumb\":{\"@id\":\"https:\\\/\\\/taxilamangacartagena.es\\\/index.php\\\/taxi-estacion-cartagena\\\/#breadcrumb\"},\"inLanguage\":\"es\",\"potentialAction\":[{\"@type\":\"ReadAction\",\"target\":[\"https:\\\/\\\/taxilamangacartagena.es\\\/index.php\\\/taxi-estacion-cartagena\\\/\"]}]},{\"@type\":\"ImageObject\",\"inLanguage\":\"es\",\"@id\":\"https:\\\/\\\/taxilamangacartagena.es\\\/index.php\\\/taxi-estacion-cartagena\\\/#primaryimage\",\"url\":\"https:\\\/\\\/taxilamangacartagena.es\\\/wp-content\\\/uploads\\\/2026\\\/08\\\/traslados-carretera-taxi-cartagena.jpeg\",\"contentUrl\":\"https:\\\/\\\/taxilamangacartagena.es\\\/wp-content\\\/uploads\\\/2026\\\/08\\\/traslados-carretera-taxi-cartagena.jpeg\",\"width\":1024,\"height\":768},{\"@type\":\"BreadcrumbList\",\"@id\":\"https:\\\/\\\/taxilamangacartagena.es\\\/index.php\\\/taxi-estacion-cartagena\\\/#breadcrumb\",\"itemListElement\":[{\"@type\":\"ListItem\",\"position\":1,\"name\":\"Portada\",\"item\":\"https:\\\/\\\/taxilamangacartagena.es\\\/\"},{\"@type\":\"ListItem\",\"position\":2,\"name\":\"Taxi Estaci\u00f3n de Cartagena\"}]},{\"@type\":\"WebSite\",\"@id\":\"https:\\\/\\\/taxilamangacartagena.es\\\/#website\",\"url\":\"https:\\\/\\\/taxilamangacartagena.es\\\/\",\"name\":\"Eurotaxi\",\"description\":\"Servicio de taxi 24 horas para tus desplazamientos por Cartagena, La Manga y la Regi\u00f3n de Murcia. Traslados al aeropuerto, veh\u00edculo adaptado para silla de ruedas y espacio para grupos y equipaje.\",\"publisher\":{\"@id\":\"https:\\\/\\\/taxilamangacartagena.es\\\/#organization\"},\"potentialAction\":[{\"@type\":\"SearchAction\",\"target\":{\"@type\":\"EntryPoint\",\"urlTemplate\":\"https:\\\/\\\/taxilamangacartagena.es\\\/?s={search_term_string}\"},\"query-input\":{\"@type\":\"PropertyValueSpecification\",\"valueRequired\":true,\"valueName\":\"search_term_string\"}}],\"inLanguage\":\"es\"},{\"@type\":\"Organization\",\"@id\":\"https:\\\/\\\/taxilamangacartagena.es\\\/#organization\",\"name\":\"Eurotaxi\",\"url\":\"https:\\\/\\\/taxilamangacartagena.es\\\/\",\"logo\":{\"@type\":\"ImageObject\",\"inLanguage\":\"es\",\"@id\":\"https:\\\/\\\/taxilamangacartagena.es\\\/#\\\/schema\\\/logo\\\/image\\\/\",\"url\":\"https:\\\/\\\/taxilamangacartagena.es\\\/wp-content\\\/uploads\\\/2026\\\/08\\\/logo-eurotaxi-cartagena.png\",\"contentUrl\":\"https:\\\/\\\/taxilamangacartagena.es\\\/wp-content\\\/uploads\\\/2026\\\/08\\\/logo-eurotaxi-cartagena.png\",\"width\":500,\"height\":167,\"caption\":\"Eurotaxi\"},\"image\":{\"@id\":\"https:\\\/\\\/taxilamangacartagena.es\\\/#\\\/schema\\\/logo\\\/image\\\/\"}}]}<\/script>\n<!-- \/ Yoast SEO plugin. -->","yoast_head_json":{"title":"Taxi Estaci\u00f3n de Cartagena - Eurotaxi","description":"Eurotaxi en la Estaci\u00f3n de Cartagena ofrece taxis r\u00e1pidos y confiables. Viaja c\u00f3modo y seguro. Reserva tu taxi ahora y disfruta del trayecto.","robots":{"index":"index","follow":"follow","max-snippet":"max-snippet:-1","max-image-preview":"max-image-preview:large","max-video-preview":"max-video-preview:-1"},"canonical":"https:\/\/taxilamangacartagena.es\/index.php\/taxi-estacion-cartagena\/","og_locale":"es_ES","og_type":"article","og_title":"Taxi Estaci\u00f3n de Cartagena - Eurotaxi","og_description":"Eurotaxi en la Estaci\u00f3n de Cartagena ofrece taxis r\u00e1pidos y confiables. Viaja c\u00f3modo y seguro. Reserva tu taxi ahora y disfruta del trayecto.","og_url":"https:\/\/taxilamangacartagena.es\/index.php\/taxi-estacion-cartagena\/","og_site_name":"Eurotaxi","article_modified_time":"2026-08-27T22:03:28+00:00","og_image":[{"url":"https:\/\/taxilamangacartagena.es\/wp-content\/uploads\/2026\/08\/traslados-carretera-taxi-cartagena.jpeg","type":"","width":"","height":""}],"twitter_card":"summary_large_image","twitter_misc":{"Tiempo de lectura":"7 minutos"},"schema":{"@context":"https:\/\/schema.org","@graph":[{"@type":"WebPage","@id":"https:\/\/taxilamangacartagena.es\/index.php\/taxi-estacion-cartagena\/","url":"https:\/\/taxilamangacartagena.es\/index.php\/taxi-estacion-cartagena\/","name":"Taxi Estaci\u00f3n de Cartagena - Eurotaxi","isPartOf":{"@id":"https:\/\/taxilamangacartagena.es\/#website"},"primaryImageOfPage":{"@id":"https:\/\/taxilamangacartagena.es\/index.php\/taxi-estacion-cartagena\/#primaryimage"},"image":{"@id":"https:\/\/taxilamangacartagena.es\/index.php\/taxi-estacion-cartagena\/#primaryimage"},"thumbnailUrl":"https:\/\/taxilamangacartagena.es\/wp-content\/uploads\/2026\/08\/traslados-carretera-taxi-cartagena.jpeg","datePublished":"2026-08-27T21:04:02+00:00","dateModified":"2026-08-27T22:03:28+00:00","description":"Eurotaxi en la Estaci\u00f3n de Cartagena ofrece taxis r\u00e1pidos y confiables. Viaja c\u00f3modo y seguro. Reserva tu taxi ahora y disfruta del trayecto.","breadcrumb":{"@id":"https:\/\/taxilamangacartagena.es\/index.php\/taxi-estacion-cartagena\/#breadcrumb"},"inLanguage":"es","potentialAction":[{"@type":"ReadAction","target":["https:\/\/taxilamangacartagena.es\/index.php\/taxi-estacion-cartagena\/"]}]},{"@type":"ImageObject","inLanguage":"es","@id":"https:\/\/taxilamangacartagena.es\/index.php\/taxi-estacion-cartagena\/#primaryimage","url":"https:\/\/taxilamangacartagena.es\/wp-content\/uploads\/2026\/08\/traslados-carretera-taxi-cartagena.jpeg","contentUrl":"https:\/\/taxilamangacartagena.es\/wp-content\/uploads\/2026\/08\/traslados-carretera-taxi-cartagena.jpeg","width":1024,"height":768},{"@type":"BreadcrumbList","@id":"https:\/\/taxilamangacartagena.es\/index.php\/taxi-estacion-cartagena\/#breadcrumb","itemListElement":[{"@type":"ListItem","position":1,"name":"Portada","item":"https:\/\/taxilamangacartagena.es\/"},{"@type":"ListItem","position":2,"name":"Taxi Estaci\u00f3n de Cartagena"}]},{"@type":"WebSite","@id":"https:\/\/taxilamangacartagena.es\/#website","url":"https:\/\/taxilamangacartagena.es\/","name":"Eurotaxi","description":"Servicio de taxi 24 horas para tus desplazamientos por Cartagena, La Manga y la Regi\u00f3n de Murcia. Traslados al aeropuerto, veh\u00edculo adaptado para silla de ruedas y espacio para grupos y equipaje.","publisher":{"@id":"https:\/\/taxilamangacartagena.es\/#organization"},"potentialAction":[{"@type":"SearchAction","target":{"@type":"EntryPoint","urlTemplate":"https:\/\/taxilamangacartagena.es\/?s={search_term_string}"},"query-input":{"@type":"PropertyValueSpecification","valueRequired":true,"valueName":"search_term_string"}}],"inLanguage":"es"},{"@type":"Organization","@id":"https:\/\/taxilamangacartagena.es\/#organization","name":"Eurotaxi","url":"https:\/\/taxilamangacartagena.es\/","logo":{"@type":"ImageObject","inLanguage":"es","@id":"https:\/\/taxilamangacartagena.es\/#\/schema\/logo\/image\/","url":"https:\/\/taxilamangacartagena.es\/wp-content\/uploads\/2026\/08\/logo-eurotaxi-cartagena.png","contentUrl":"https:\/\/taxilamangacartagena.es\/wp-content\/uploads\/2026\/08\/logo-eurotaxi-cartagena.png","width":500,"height":167,"caption":"Eurotaxi"},"image":{"@id":"https:\/\/taxilamangacartagena.es\/#\/schema\/logo\/image\/"}}]}},"_links":{"self":[{"href":"https:\/\/taxilamangacartagena.es\/index.php\/wp-json\/wp\/v2\/pages\/160","targetHints":{"allow":["GET"]}}],"collection":[{"href":"https:\/\/taxilamangacartagena.es\/index.php\/wp-json\/wp\/v2\/pages"}],"about":[{"href":"https:\/\/taxilamangacartagena.es\/index.php\/wp-json\/wp\/v2\/types\/page"}],"author":[{"embeddable":true,"href":"https:\/\/taxilamangacartagena.es\/index.php\/wp-json\/wp\/v2\/users\/1"}],"replies":[{"embeddable":true,"href":"https:\/\/taxilamangacartagena.es\/index.php\/wp-json\/wp\/v2\/comments?post=160"}],"version-history":[{"count":5,"href":"https:\/\/taxilamangacartagena.es\/index.php\/wp-json\/wp\/v2\/pages\/160\/revisions"}],"predecessor-version":[{"id":187,"href":"https:\/\/taxilamangacartagena.es\/index.php\/wp-json\/wp\/v2\/pages\/160\/revisions\/187"}],"wp:attachment":[{"href":"https:\/\/taxilamangacartagena.es\/index.php\/wp-json\/wp\/v2\/media?parent=160"}],"curies":[{"name":"wp","href":"https:\/\/api.w.org\/{rel}","templated":true}]}}